{"id":13149,"date":"2021-11-29T08:31:48","date_gmt":"2021-11-29T07:31:48","guid":{"rendered":"https:\/\/www.nomos.de\/zeitschriften\/neue-kriminalpolitik-nk\/"},"modified":"2026-01-23T12:31:33","modified_gmt":"2026-01-23T11:31:33","slug":"nk","status":"publish","type":"mediadata","link":"https:\/\/www.nomos.de\/en\/journals\/nk\/","title":{"rendered":"Neue Kriminalpolitik (NK)"},"content":{"rendered":"\n\n    <h2 class=\"mediadata__anchor-headline\"><span id=\"about\" aria-hidden=\"true\"><\/span>About<\/h2>\n\n\n\n<p>The journal&nbsp;<strong><em>\u201eNeue Kriminalpolitik\u201c<\/em>&nbsp;(NK)<\/strong> brings together all disciplines of criminal science on the highest level. With its&nbsp;<strong>new format<\/strong>&nbsp;and&nbsp;<strong>new publishers<\/strong>,<strong>&nbsp;<em>NK<\/em><\/strong>&nbsp;constitutes a major forum for criminal science, law and practice.<\/p>\n\n\n\n<p>The journal aims at providing new impetus and a platform for&nbsp;<strong>interdisciplinary discussion<\/strong>, looking beyond the horizon by considering international experiences. The objectives pursued are inter alia a rational way of dealing with delinquency, maintaining the rule of law and protection of fundamental rights, reduction of public social control and giving priority to social and informal means of conflict management.<\/p>\n\n\n\n<p><em><strong>NK<\/strong><\/em>&nbsp;is a<strong>&nbsp;unique journal<\/strong>&nbsp;due to its specific method of processing its topics: analytical and practical, critical and up-to-date, professional and controversial, informational and committed. It aims at criminologists, sociologists, jurists, pedagogues, forensic psychiatrists and psychologists in practice, politics, science and education.<\/p>\n\n\n\n<p>ISSN Print 0934-9200 <br>ISSN Online 2942-1624 <br>Published quarterly<\/p>\n\n\n    <h2 class=\"mediadata__anchor-headline\"><span id=\"editors\" aria-hidden=\"true\"><\/span>Editors<\/h2>\n\n\n\n<ul class=\"wp-block-list\">\n<li><a href=\"https:\/\/kfn.de\/kfn\/institut\/wissenschaftlerinnen\/prof-dr-tillmann-bartsch\/\" target=\"_blank\" rel=\"noreferrer noopener\">Prof. Dr. Tillmann Bartsch<\/a><br>KFN Hannover e.V., Germany<\/li>\n\n\n\n<li><a href=\"https:\/\/www.jura.uni-muenster.de\/de\/apps\/personenliste\/prof-dr-klaus-boers\/\" target=\"_blank\" rel=\"noreferrer noopener\">Prof. Dr. Klaus Boers<\/a><br>Universit\u00e4t M\u00fcnster, Germany<\/li>\n\n\n\n<li><a href=\"https:\/\/brettel.jura.uni-mainz.de\/\" target=\"_blank\" rel=\"noreferrer noopener\">Prof. Dr. Dr. Hauke Brettel<\/a> <br>Johannes Gutenberg-Universit\u00e4t, Mainz, Germany<\/li>\n\n\n\n<li><a href=\"http:\/\/www.ash-berlin.eu\/\" target=\"_blank\" rel=\"noreferrer noopener\">Prof. Dr. Heinz Cornel<\/a><br>Alice Salomon-FH Berlin, Germany<\/li>\n\n\n\n<li>Prof. Dr. Frieder D\u00fcnkel<br>Universit\u00e4t Greifswald, Germany<\/li>\n\n\n\n<li><a href=\"https:\/\/www.unilu.ch\/fakultaeten\/rf\/professuren\/eicker-andreas\/mitarbeitende\/andreas-eicker\/\" target=\"_blank\" rel=\"noreferrer noopener\">Prof. Dr. Andreas Eicker<\/a><br>Universit\u00e4t Luzern, Switzerland<\/li>\n\n\n\n<li><a href=\"https:\/\/rsf.uni-greifswald.de\/lehrstuehle\/rewi\/strafrecht\/lehrstuhl-harrendorf\/personen\/prof-dr-stefan-harrendorf-lehrstuhlinhaber\/\" target=\"_blank\" rel=\"noreferrer noopener\">Prof. Dr. Stefan Harrendorf<\/a><br>Universit\u00e4t Greifswald, Germany<\/li>\n\n\n\n<li><a href=\"https:\/\/www.rewi.hu-berlin.de\/de\/lf\/ls\/hfl\/team\/prof-dr-katrin-hoeffler\" target=\"_blank\" rel=\"noreferrer noopener\">Prof. Dr. Katrin H\u00f6ffler<\/a><br>Humboldt Universit\u00e4t zu Berlin, Germany<\/li>\n\n\n\n<li><a href=\"https:\/\/www.hwr-berlin.de\/hwr-berlin\/fachbereiche-und-bps\/fb-5-polizei-und-sicherheitsmanagement\/personen-kontakte\/2639-daniela-hunold\/\" target=\"_blank\" rel=\"noreferrer noopener\">Prof. Dr. Daniela Hunold<\/a> <br>Hochschule f\u00fcr Wirtschaft und Recht, Berlin, Germany<\/li>\n\n\n\n<li><a href=\"https:\/\/www.uni-augsburg.de\/de\/fakultaet\/jura\/lehrende\/kaspar\/\" target=\"_blank\" rel=\"noreferrer noopener\">Prof. Dr. Johannes Kaspar<\/a><br>Universit\u00e4t Augsburg, Germany<\/li>\n\n\n\n<li><a href=\"https:\/\/www.dhpol.de\/departments\/department_III\/FG_III.1\/kersten.php\" target=\"_blank\" rel=\"noreferrer noopener\">Prof. Dr. Joachim Kersten<\/a><br>Deutsche Hochschule der Polizei M\u00fcnster, Germany<\/li>\n\n\n\n<li>Prof. Dr. J\u00f6rg Kinzig<br>Universit\u00e4t T\u00fcbingen, Germany<\/li>\n\n\n\n<li><a href=\"https:\/\/www.jura.lmu.de\/de\/fakultaet\/personen\/kontaktseite\/ralf-koelbel-91691c35.html\" target=\"_blank\" rel=\"noreferrer noopener\">Prof. Dr. Ralf K\u00f6lbel<\/a><br>Ludwig-Maximilians-Universit\u00e4t M\u00fcnchen, Germany<\/li>\n\n\n\n<li><a href=\"https:\/\/www.vicesse.eu\/reinhard-kreissl\" target=\"_blank\" rel=\"noreferrer noopener\">PD Dr. Reinhard Kreissl<\/a><br>VICESSE | Vienna Centre for Societal Security, Vienna, Austria<\/li>\n\n\n\n<li><a href=\"https:\/\/news.rub.de\/leute\/2023-11-29-kriminologie-christine-morgenstern-erforscht-justiz-und-strafvollzug\" target=\"_blank\" rel=\"noreferrer noopener\">Prof. Dr. Christine Morgenstern<\/a><br>Ruhr-Universit\u00e4t Bochum, Germany<\/li>\n\n\n\n<li><a href=\"http:\/\/www.kriminologie.uni-koeln.de\/\" target=\"_blank\" rel=\"noreferrer noopener\">Prof. Dr. Frank Neubacher<\/a><br>Universit\u00e4t K\u00f6ln, Germany<\/li>\n\n\n\n<li><a href=\"https:\/\/www.krim.unibe.ch\/ueber_uns\/personen\/prof_dr_pruin_ineke_regina\/index_ger.html\" target=\"_blank\" rel=\"noreferrer noopener\">Prof. Dr. Ineke Pruin<\/a><br>Universit\u00e4t Bern, Switzerland<\/li>\n\n\n\n<li><a href=\"https:\/\/www.uni-marburg.de\/de\/fb01\/professuren\/strafrecht\/prof-dr-jens-puschke\" target=\"_blank\" rel=\"noreferrer noopener\">Prof. Dr. Jens Puschke LL.M. (King&#8217;s College)<\/a><br>Universit\u00e4t Marburg, Germany<\/li>\n\n\n\n<li>Prof. Dr. Hendrik Schneider<\/li>\n\n\n\n<li><a href=\"https:\/\/www.jura.uni-frankfurt.de\/115910253\/Professur_f%C3%BCr_Kriminologie_und_Strafrecht___Prof__Dr__Tobias_Singelnstein?\" target=\"_blank\" rel=\"noreferrer noopener\">Prof. Dr. Tobias Singelnstein<\/a><br>Goethe Universit\u00e4t Frankfurt am Main, Germany<\/li>\n\n\n\n<li><a href=\"https:\/\/www.jura.uni-hamburg.de\/die-fakultaet\/personenverzeichnis\/sonnen-bernd-ruedeger.html\" target=\"_blank\" rel=\"noreferrer noopener\">Prof. Dr. Bernd-R\u00fcdeger Sonnen<\/a><br>Universit\u00e4t Hamburg, Germany<\/li>\n\n\n\n<li><a href=\"https:\/\/www.jura.uni-bonn.de\/kriminologisches-seminar-und-institut-fuer-medizinstrafrecht\/professor-dr-torsten-verrel\" target=\"_blank\" rel=\"noreferrer noopener\">Prof. Dr. Torsten Verrel<\/a><br>Universit\u00e4t Bonn, Germany<\/li>\n<\/ul>\n\n\n    <h2 class=\"mediadata__anchor-headline\"><span id=\"editorial-office\" aria-hidden=\"true\"><\/span>Editorial Office<\/h2>\n\n\n\n<ul class=\"wp-block-list\">\n<li>Prof. Dr. Katrin H\u00f6ffler (V.i.S.d.P.)<br>Universit\u00e4t Leipzig, Lehrstuhl f\u00fcr Strafrecht, Strafprozessrecht, Kriminologie und Rechtssoziologie<\/li>\n\n\n\n<li><a href=\"https:\/\/www.uni-augsburg.de\/de\/fakultaet\/jura\/lehrende\/kaspar\/\" target=\"_blank\" rel=\"noreferrer noopener\">Prof. Dr. Johannes Kaspar<\/a> <br>Universit\u00e4t Augsburg, Lehrstuhl f\u00fcr Strafrecht, Strafprozessrecht, Kriminologie und Sanktionenrecht<\/li>\n<\/ul>\n\n\n\n<p>Prof. Dr. Katrin H\u00f6ffler<br>Lehrstuhl f\u00fcr Strafrecht, Strafprozessrecht, Kriminologie und Rechtssoziologie<br>Juridicum<br>Burgstra\u00dfe 27, Raum 4.18<br>04109 Leipzig<br>Germany<\/p>\n\n\n\n<p>Phone: +49 341 97-35221<br>E-Mail:&nbsp;<a href=\"mailto:katrin.hoeffler@uni-leipzig.de\" target=\"_blank\" rel=\"noreferrer noopener\">katrin.hoeffler@uni-leipzig.de<\/a><\/p>\n\n\n\n<p><\/p>\n\n\n\n<ul class=\"wp-block-list\">\n<li>Austria: <a href=\"https:\/\/www.vicesse.eu\/reinhard-kreissl\" target=\"_blank\" rel=\"noreferrer noopener\">PD Dr. Reinhard Kreissl<\/a><\/li>\n<\/ul>\n\n\n\n<p>VICESSE | Vienna Centre for Societal Security<br>Wiener Zentrum f\u00fcr sozialwissenschaftliche Sicherheitsforschung<br>Paulanergasse 4\/8<br>1040 Vienna<br>Austria<\/p>\n\n\n\n<p>Phone: +43-1-929 66 38<br>E-Mail:&nbsp;<a href=\"mailto:reinhard.kreissl@vicesse.eu\">reinhard.kreissl@vicesse.eu<\/a><\/p>\n\n\n\n<p><\/p>\n\n\n\n<ul class=\"wp-block-list\">\n<li>Switzerland:&nbsp;<a href=\"https:\/\/www.unilu.ch\/fakultaeten\/rf\/professuren\/eicker-andreas\/mitarbeitende\/andreas-eicker\/#tab=c3294\" target=\"_blank\" rel=\"noreferrer noopener\">Prof. Dr. Andreas Eicker<\/a><\/li>\n<\/ul>\n\n\n\n<p>Universit\u00e4t Luzern<br>Frohburgstrasse 3<br>B\u00fcro 4B.24<br>Postfach 4466<br>6002 Luzern<br>Switzerland<\/p>\n\n\n\n<p>Phone: +41-41-229 53 68<br>E-Mail:&nbsp;<a href=\"mailto:andreas.eicker@unilu.ch\">andreas.eicker@unilu.ch<\/a><\/p>\n\n\n\n\n    <h2 class=\"mediadata__anchor-headline\"><span id=\"guidelines-for-authors\" aria-hidden=\"true\"><\/span>Guidelines for Authors<\/h2>\n\n\n<div class=\"mediadata__grey-box\">\n    \n\n<div class=\"wp-block-columns is-layout-flex wp-container-core-columns-is-layout-9d6595d7 wp-block-columns-is-layout-flex\">\n<div class=\"wp-block-column is-layout-flow wp-block-column-is-layout-flow\">\n<h5 class=\"wp-block-heading\" id=\"h-\"><\/h5>\n\n\n\n<p><a href=\"https:\/\/www.nomos.de\/wp-content\/uploads\/2023\/08\/NK_guidelines_authors_2023.pdf\" target=\"_blank\" rel=\"noreferrer noopener\">Guidelines for Authors<\/a><\/p>\n<\/div>\n\n\n\n<div class=\"wp-block-column is-layout-flow wp-block-column-is-layout-flow\"><\/div>\n<\/div>\n\n\n<\/div>\n\n    <h2 class=\"mediadata__anchor-headline\"><span id=\"abstracting-amp-indexing\" aria-hidden=\"true\"><\/span> Abstracting &amp; Indexing<\/h2>\n\n\n\n<p>The journal is indexed by<\/p>\n\n\n\n<ul class=\"wp-block-list\">\n<li><a href=\"https:\/\/www.dzi.de\/soziale-literatur\/dzi-solit\/\" target=\"_blank\" rel=\"noreferrer noopener\">DZI SoLit<\/a><\/li>\n<\/ul>\n\n\n    <h2 class=\"mediadata__anchor-headline\"><span id=\"copyright\" aria-hidden=\"true\"><\/span>Copyright<\/h2>\n\n\n<div class=\"mediadata__grey-box\">\n    \n\n<div class=\"wp-block-columns is-layout-flex wp-container-core-columns-is-layout-9d6595d7 wp-block-columns-is-layout-flex\">\n<div class=\"wp-block-column is-layout-flow wp-block-column-is-layout-flow\">\n<h5 class=\"wp-block-heading\" id=\"h-\"><\/h5>\n\n\n\n<p><a href=\"https:\/\/www.nomos.de\/en\/copyright-notice\/\" target=\"_blank\" rel=\"noreferrer noopener\">Copyright<\/a><\/p>\n<\/div>\n\n\n\n<div class=\"wp-block-column is-layout-flow wp-block-column-is-layout-flow\"><\/div>\n<\/div>\n\n\n<\/div>\n\n    <h2 class=\"mediadata__anchor-headline\"><span id=\"media-kit\" aria-hidden=\"true\"><\/span>Media Kit<\/h2>\n\n\n<div class=\"mediadata__grey-box\">\n    \n\n<div class=\"wp-block-columns is-layout-flex wp-container-core-columns-is-layout-9d6595d7 wp-block-columns-is-layout-flex\">\n<div class=\"wp-block-column is-layout-flow wp-block-column-is-layout-flow\">\n<h5 class=\"wp-block-heading\" id=\"h-\"><\/h5>\n\n\n\n<p><a href=\"https:\/\/www.nomos.de\/wp-content\/uploads\/2026\/01\/Jura_MDAT_NK_2026.pdf\" target=\"_blank\" rel=\"noreferrer noopener\">Media Kit<\/a><\/p>\n<\/div>\n\n\n\n<div class=\"wp-block-column is-layout-flow wp-block-column-is-layout-flow\"><\/div>\n<\/div>\n\n\n<\/div>\n\n\n<p><\/p>\n","protected":false},"template":"","class_list":["post-13149","mediadata","type-mediadata","status-publish","hentry","mediadata_category-law-legal-studies","mediadata_category-legal-practice","mediadata_category-social-sciences"],"acf":[],"yoast_head":"<!-- This site is optimized with the Yoast SEO Premium plugin v26.1 (Yoast SEO v26.2) - https:\/\/yoast.com\/wordpress\/plugins\/seo\/ -->\n<title>Neue Kriminalpolitik (NK) - Journal | Nomos Verlag<\/title>\n<meta name=\"description\" content=\"The NK (Neue Kriminalpolitik) bundles all disciplines of criminal sciences at the highest level\" \/>\n<meta name=\"robots\" content=\"index, follow, max-snippet:-1, max-image-preview:large, max-video-preview:-1\" \/>\n<link rel=\"canonical\" href=\"https:\/\/www.nomos.de\/en\/journals\/nk\/\" \/>\n<meta property=\"og:locale\" content=\"en_US\" \/>\n<meta property=\"og:type\" content=\"article\" \/>\n<meta property=\"og:title\" content=\"Neue Kriminalpolitik (NK)\" \/>\n<meta property=\"og:description\" content=\"The NK (Neue Kriminalpolitik) bundles all disciplines of criminal sciences at the highest level\" \/>\n<meta property=\"og:url\" content=\"https:\/\/www.nomos.de\/en\/journals\/nk\/\" \/>\n<meta property=\"og:site_name\" content=\"nomos.de\" \/>\n<meta property=\"article:modified_time\" content=\"2026-01-23T11:31:33+00:00\" \/>\n<meta name=\"twitter:card\" content=\"summary_large_image\" \/>\n<meta name=\"twitter:label1\" content=\"Est. reading time\" \/>\n\t<meta name=\"twitter:data1\" content=\"4 minutes\" \/>\n<script type=\"application\/ld+json\" class=\"yoast-schema-graph\">{\"@context\":\"https:\/\/schema.org\",\"@graph\":[{\"@type\":\"WebPage\",\"@id\":\"https:\/\/www.nomos.de\/en\/journals\/nk\/\",\"url\":\"https:\/\/www.nomos.de\/en\/journals\/nk\/\",\"name\":\"Neue Kriminalpolitik (NK) - Journal | Nomos Verlag\",\"isPartOf\":{\"@id\":\"https:\/\/www.nomos.de\/en\/#website\"},\"datePublished\":\"2021-11-29T07:31:48+00:00\",\"dateModified\":\"2026-01-23T11:31:33+00:00\",\"description\":\"The NK (Neue Kriminalpolitik) bundles all disciplines of criminal sciences at the highest level\",\"breadcrumb\":{\"@id\":\"https:\/\/www.nomos.de\/en\/journals\/nk\/#breadcrumb\"},\"inLanguage\":\"en-US\",\"potentialAction\":[{\"@type\":\"ReadAction\",\"target\":[\"https:\/\/www.nomos.de\/en\/journals\/nk\/\"]}]},{\"@type\":\"BreadcrumbList\",\"@id\":\"https:\/\/www.nomos.de\/en\/journals\/nk\/#breadcrumb\",\"itemListElement\":[{\"@type\":\"ListItem\",\"position\":1,\"name\":\"Startseite\",\"item\":\"https:\/\/www.nomos.de\/en\/\"},{\"@type\":\"ListItem\",\"position\":2,\"name\":\"Journals\",\"item\":\"https:\/\/www.nomos.de\/en\/journals\/\"},{\"@type\":\"ListItem\",\"position\":3,\"name\":\"Neue Kriminalpolitik (NK)\"}]},{\"@type\":\"WebSite\",\"@id\":\"https:\/\/www.nomos.de\/en\/#website\",\"url\":\"https:\/\/www.nomos.de\/en\/\",\"name\":\"nomos.de\",\"description\":\"\",\"publisher\":{\"@id\":\"https:\/\/www.nomos.de\/en\/#organization\"},\"potentialAction\":[{\"@type\":\"SearchAction\",\"target\":{\"@type\":\"EntryPoint\",\"urlTemplate\":\"https:\/\/www.nomos.de\/en\/?s={search_term_string}\"},\"query-input\":{\"@type\":\"PropertyValueSpecification\",\"valueRequired\":true,\"valueName\":\"search_term_string\"}}],\"inLanguage\":\"en-US\"},{\"@type\":\"Organization\",\"@id\":\"https:\/\/www.nomos.de\/en\/#organization\",\"name\":\"Nomos\",\"url\":\"https:\/\/www.nomos.de\/en\/\",\"logo\":{\"@type\":\"ImageObject\",\"inLanguage\":\"en-US\",\"@id\":\"https:\/\/www.nomos.de\/en\/#\/schema\/logo\/image\/\",\"url\":\"https:\/\/www.nomos.de\/wp-content\/uploads\/2023\/06\/favicon.png\",\"contentUrl\":\"https:\/\/www.nomos.de\/wp-content\/uploads\/2023\/06\/favicon.png\",\"width\":225,\"height\":225,\"caption\":\"Nomos\"},\"image\":{\"@id\":\"https:\/\/www.nomos.de\/en\/#\/schema\/logo\/image\/\"}}]}<\/script>\n<!-- \/ Yoast SEO Premium plugin. -->","yoast_head_json":{"title":"Neue Kriminalpolitik (NK) - Journal | Nomos Verlag","description":"The NK (Neue Kriminalpolitik) bundles all disciplines of criminal sciences at the highest level","robots":{"index":"index","follow":"follow","max-snippet":"max-snippet:-1","max-image-preview":"max-image-preview:large","max-video-preview":"max-video-preview:-1"},"canonical":"https:\/\/www.nomos.de\/en\/journals\/nk\/","og_locale":"en_US","og_type":"article","og_title":"Neue Kriminalpolitik (NK)","og_description":"The NK (Neue Kriminalpolitik) bundles all disciplines of criminal sciences at the highest level","og_url":"https:\/\/www.nomos.de\/en\/journals\/nk\/","og_site_name":"nomos.de","article_modified_time":"2026-01-23T11:31:33+00:00","twitter_card":"summary_large_image","twitter_misc":{"Est. reading time":"4 minutes"},"schema":{"@context":"https:\/\/schema.org","@graph":[{"@type":"WebPage","@id":"https:\/\/www.nomos.de\/en\/journals\/nk\/","url":"https:\/\/www.nomos.de\/en\/journals\/nk\/","name":"Neue Kriminalpolitik (NK) - Journal | Nomos Verlag","isPartOf":{"@id":"https:\/\/www.nomos.de\/en\/#website"},"datePublished":"2021-11-29T07:31:48+00:00","dateModified":"2026-01-23T11:31:33+00:00","description":"The NK (Neue Kriminalpolitik) bundles all disciplines of criminal sciences at the highest level","breadcrumb":{"@id":"https:\/\/www.nomos.de\/en\/journals\/nk\/#breadcrumb"},"inLanguage":"en-US","potentialAction":[{"@type":"ReadAction","target":["https:\/\/www.nomos.de\/en\/journals\/nk\/"]}]},{"@type":"BreadcrumbList","@id":"https:\/\/www.nomos.de\/en\/journals\/nk\/#breadcrumb","itemListElement":[{"@type":"ListItem","position":1,"name":"Startseite","item":"https:\/\/www.nomos.de\/en\/"},{"@type":"ListItem","position":2,"name":"Journals","item":"https:\/\/www.nomos.de\/en\/journals\/"},{"@type":"ListItem","position":3,"name":"Neue Kriminalpolitik (NK)"}]},{"@type":"WebSite","@id":"https:\/\/www.nomos.de\/en\/#website","url":"https:\/\/www.nomos.de\/en\/","name":"nomos.de","description":"","publisher":{"@id":"https:\/\/www.nomos.de\/en\/#organization"},"potentialAction":[{"@type":"SearchAction","target":{"@type":"EntryPoint","urlTemplate":"https:\/\/www.nomos.de\/en\/?s={search_term_string}"},"query-input":{"@type":"PropertyValueSpecification","valueRequired":true,"valueName":"search_term_string"}}],"inLanguage":"en-US"},{"@type":"Organization","@id":"https:\/\/www.nomos.de\/en\/#organization","name":"Nomos","url":"https:\/\/www.nomos.de\/en\/","logo":{"@type":"ImageObject","inLanguage":"en-US","@id":"https:\/\/www.nomos.de\/en\/#\/schema\/logo\/image\/","url":"https:\/\/www.nomos.de\/wp-content\/uploads\/2023\/06\/favicon.png","contentUrl":"https:\/\/www.nomos.de\/wp-content\/uploads\/2023\/06\/favicon.png","width":225,"height":225,"caption":"Nomos"},"image":{"@id":"https:\/\/www.nomos.de\/en\/#\/schema\/logo\/image\/"}}]}},"_links":{"self":[{"href":"https:\/\/www.nomos.de\/en\/wp-json\/wp\/v2\/mediadata\/13149","targetHints":{"allow":["GET"]}}],"collection":[{"href":"https:\/\/www.nomos.de\/en\/wp-json\/wp\/v2\/mediadata"}],"about":[{"href":"https:\/\/www.nomos.de\/en\/wp-json\/wp\/v2\/types\/mediadata"}],"wp:attachment":[{"href":"https:\/\/www.nomos.de\/en\/wp-json\/wp\/v2\/media?parent=13149"}],"curies":[{"name":"wp","href":"https:\/\/api.w.org\/{rel}","templated":true}]}}