{"id":13418,"date":"2021-10-28T10:55:43","date_gmt":"2021-10-28T08:55:43","guid":{"rendered":"https:\/\/www.nomos.de\/zeitschriften\/blaetter-der-wohlfahrtspflege-bdw\/"},"modified":"2026-04-23T14:07:57","modified_gmt":"2026-04-23T12:07:57","slug":"bdw","status":"publish","type":"mediadata","link":"https:\/\/www.nomos.de\/en\/journals\/bdw\/","title":{"rendered":"Bl\u00e4tter der Wohlfahrtspflege (BdW)"},"content":{"rendered":"\n\n    <h2 class=\"mediadata__anchor-headline\"><span id=\"about\" aria-hidden=\"true\"><\/span>About<\/h2>\n\n\n\n<p>The <strong><em>&#8220;Bl\u00e4tter der Wohlfahrtspflege&#8221;<\/em><\/strong> provide concise yet comprehensive information on important societal, social and legal developments as well as professional standards in social and health care. In addition to fundamental articles, there are model descriptions and working aids. The extensive specialized information provides information on current developments in all fields of activity of social work as well as in social services and institutions.<\/p>\n\n\n\n<p>The journal <strong><em>&#8220;Bl\u00e4tter der Wohlfahrtspflege&#8221;<\/em><\/strong> addresses professionals in the social sector &#8211; social workers, social pedagogues, educators, scientists, social policy makers, heads of offices, managing directors, board members of associations.<\/p>\n\n\n\n<p>ISSN Print 0340-8574 <br>ISSN Online 2942-3147 <br>Published every two months<\/p>\n\n\n    <h2 class=\"mediadata__anchor-headline\"><span id=\"editor\" aria-hidden=\"true\"><\/span>Editor<\/h2>\n\n\n\n<ul class=\"wp-block-list\">\n<li><a href=\"https:\/\/www.wohlfahrtswerk.de\/\" target=\"_blank\" rel=\"noreferrer noopener\">Wohlfahrtswerk f\u00fcr Baden-W\u00fcrttemberg<\/a><\/li>\n<\/ul>\n\n\n\n<p>Schlo\u00dfstra\u00dfe 80<br>70176 Stuttgart<br>Germany<br><br>Phone: +49 (0)711 \/ 619 26 &#8211; 0<\/p>\n\n\n\n<p>Chairwoman of the Board: Ingrid Hastedt<\/p>\n\n\n    <h2 class=\"mediadata__anchor-headline\"><span id=\"advisory-board\" aria-hidden=\"true\"><\/span>Advisory Board<\/h2>\n\n\n\n<ul class=\"wp-block-list\">\n<li><a href=\"https:\/\/soziologie.uni-halle.de\/fgz\/team\/holger_backhaus-maul\/#:~:text=Holger%20Backhaus%2DMaul%20hat%20Soziologie,Mitarbeiter%20am%20Zentrum%20f%C3%BCr%20Sozialpolitik%2F\" target=\"_blank\" rel=\"noreferrer noopener\">Dr. Holger Backhaus-Maul<\/a><br>Research Assistant at the Faculty of Philosophy III (Educational Sciences) of the Martin Luther University Halle-Wittenberg<\/li>\n\n\n\n<li><a href=\"https:\/\/www.verdi.de\/presse\/downloads\/personen\/++co++d7d10cb2-db8f-11e9-bca4-525400940f89\" target=\"_blank\" rel=\"noreferrer noopener\">Sylvia B\u00fchler<\/a><br>Member of the ver.di Federal Executive Board and Head of the &#8220;Health, Social Services, Education and Science&#8221; department<\/li>\n\n\n\n<li>Dr. Konrad Hummel<br>Retired Managing Director, MWS Project Development Company of the City of Mannheim<\/li>\n\n\n\n<li><a href=\"https:\/\/www.khsb-berlin.de\/hochschule\/organisation\/personen\/gabriele\/kuhn-zuber.html\" target=\"_blank\" rel=\"noreferrer noopener\">Prof. Dr. Gabriele Kuhn-Zuber<\/a><br>Professor for the legal foundations of social work and curative education<\/li>\n\n\n\n<li>Dr. Dorian L\u00fcbcke<br>Referent Intranet\/Wissensmanagement\/Interne Kommunikation<\/li>\n\n\n\n<li><a href=\"https:\/\/www.hochschule-niederrhein.de\/en\/sozialwesen\/personen\/prof-dr-michael-noack\/\" target=\"_blank\" rel=\"noreferrer noopener\">Prof. Dr. Michael Noack<\/a><br>Methoden der Sozialen Arbeit, Gemeinwesenarbeit \/ Quartiermanagement, Hochschule Niederrhein<\/li>\n\n\n\n<li>Dr. Jonas Pieper<br>Head of Office for Political Cooperation, Der Parit\u00e4tische Gesamtverband<\/li>\n\n\n\n<li>Dr. Thomas Schiller<br>Head of the Communication Center at Diakonie Deutschland &#8211; Protestant Federal Association &#8211; Evangelisches Werk f\u00fcr Diakonie und Entwicklung e. V.<\/li>\n\n\n\n<li><a href=\"https:\/\/www.uni-bielefeld.de\/fakultaeten\/erziehungswissenschaft\/personen\/thiessen\/index.xml\" target=\"_blank\" rel=\"noreferrer noopener\">Prof. Dr. Barbara Thiessen<\/a><br>Professor of Educational Science with a focus on guidance and gender at Bielefeld University<\/li>\n\n\n\n<li><a href=\"https:\/\/www.dhbw-stuttgart.de\/dhbw-stuttgart\/organisation\/fakultaet-sozialwesen\/professoren\/prof-annette-ullrich-phd\/\" target=\"_blank\" rel=\"noreferrer noopener\">Prof. Annette Ullrich, Ph.D.<\/a><br>Professor of Educational Science, Education and Lifelong Learning<\/li>\n\n\n\n<li><a href=\"https:\/\/www.izgs.de\/vilain\/#:~:text=Seit%202008%20ist%20Michael%20Vilain,Internationales%20der%20Evangelischen%20Hochschule%20Darmstadt.\" target=\"_blank\" rel=\"noreferrer noopener\">Prof. Dr. Michael Vilain<\/a><br>Professor of General Business Administration and Managing Director of the Institute for Future Issues in the Health and Social Economy (IZGS)<\/li>\n\n\n\n<li><a href=\"https:\/\/www.dhbw-stuttgart.de\/dhbw-stuttgart\/organisation\/fakultaet-sozialwesen\/professoren\/prof-dr-wolf-rainer-wendt\/\" target=\"_blank\" rel=\"noreferrer noopener\">Prof. Dr. Wolf Rainer Wendt<\/a><br>Member of the Board of the German Society for Care and Case Management e. V.<\/li>\n\n\n\n<li>Prof. Dr. Dr. h.c. Reinhard Wiesner<br>Former Head of the Department &#8220;Legal Issues of Child and Youth Welfare&#8221; in the Federal Ministry for Family Affairs, Senior Citizens, Women and Youth; Partner in the law firm Bernzen\/Sonntag, Hamburg and Berlin<\/li>\n<\/ul>\n\n\n    <h2 class=\"mediadata__anchor-headline\"><span id=\"editorial-office\" aria-hidden=\"true\"><\/span>Editorial Office<\/h2>\n\n\n\n<ul class=\"wp-block-list\">\n<li>Dr. Andreas Vierecke (V.i.S.d.P.)<\/li>\n\n\n\n<li>Dr. Pia Jaeger<\/li>\n<\/ul>\n\n\n\n<p>Dr. Andreas Vierecke<br>S\u00fcdpol-Redaktionsb\u00fcro<br>Wilhelm-Kuhnert-Str. 2a<br>81543 M\u00fcnchen<br>Germany<\/p>\n\n\n\n<p>E-Mail: <a href=\"mailto:bdw@nomos-journals.de\">bdw@nomos-journals.de<\/a><\/p>\n\n\n    <h2 class=\"mediadata__anchor-headline\"><span id=\"special-issues\" aria-hidden=\"true\"><\/span>Special Issues<\/h2>\n\n\n<div class=\"mediadata__grey-box\">\n    \n\n<div class=\"wp-block-columns is-layout-flex wp-container-core-columns-is-layout-9d6595d7 wp-block-columns-is-layout-flex\">\n<div class=\"wp-block-column is-layout-flow wp-block-column-is-layout-flow\">\n<h5 class=\"wp-block-heading\" id=\"h-\"><\/h5>\n\n\n\n<ul class=\"wp-block-list\">\n<li>2024 \u2013 <a href=\"https:\/\/www.nomos-shop.de\/de\/p\/wohlfahrtspflege-im-laendlichen-raum-gr-978-3-7560-1170-4\" target=\"_blank\" rel=\"noreferrer noopener\">Wohlfahrtspflege im l\u00e4ndlichen Raum<\/a><\/li>\n\n\n\n<li>2023 \u2013 <a href=\"https:\/\/www.nomos-shop.de\/de\/p\/freie-wohlfahrtspflege-und-klimawandel-gr-978-3-8487-8886-6\" target=\"_blank\" rel=\"noreferrer noopener\">Freie Wohlfahrtspflege und Klimawandel<\/a><\/li>\n\n\n\n<li>2021 \u2013 <a href=\"https:\/\/www.nomos-shop.de\/nomos\/titel\/sozialimmobilien-id-98154\/\" target=\"_blank\" rel=\"noreferrer noopener\">Sozialimmobilien<\/a><\/li>\n\n\n\n<li>2020 \u2013 <a href=\"https:\/\/www.nomos-shop.de\/nomos\/titel\/demokratie-und-wohlfahrtspflege-id-74018\/\" target=\"_blank\" rel=\"noreferrer noopener\">Demokratie und Wohlfahrtspflege<\/a><\/li>\n\n\n\n<li>2018 \u2013 <a href=\"https:\/\/www.nomos-shop.de\/nomos\/titel\/digitalisierung-und-teilhabe-id-80789\/\" target=\"_blank\" rel=\"noreferrer noopener\">Digitalisierung und Teilhabe<\/a><\/li>\n\n\n\n<li>2017 \u2013 <a href=\"https:\/\/www.nomos-shop.de\/nomos\/titel\/kooperationen-in-der-sozialwirtschaft-id-79694\/\" target=\"_blank\" rel=\"noreferrer noopener\">Kooperationen in der Sozialwirtschaft<\/a><\/li>\n\n\n\n<li>2016 \u2013 <a href=\"https:\/\/www.nomos-shop.de\/nomos\/titel\/moral-und-geschaeft-id-82702\/\" target=\"_blank\" rel=\"noreferrer noopener\">Moral und Gesch\u00e4ft<\/a><\/li>\n\n\n\n<li>2014 \u2013 <a href=\"https:\/\/www.nomos-shop.de\/nomos\/titel\/sorgen-fuer-wohlfahrt-id-82371\/\" target=\"_blank\" rel=\"noreferrer noopener\">Sorgen f\u00fcr Wohlfahrt<\/a><\/li>\n<\/ul>\n<\/div>\n\n\n\n<div class=\"wp-block-column is-layout-flow wp-block-column-is-layout-flow\"><\/div>\n<\/div>\n\n\n<\/div>\n\n    <h2 class=\"mediadata__anchor-headline\"><span id=\"topic-preview\" aria-hidden=\"true\"><\/span>Topic preview<\/h2>\n\n\n\n<p><strong>2027<\/strong><br>Issue 1\u2013 Gesellschaftliche Marginalisierung und Zusammenhalt<br><img alt=\"\"><br><strong>2026<\/strong><br>Issue 1 \u2013&nbsp;Gesellschaftliche Resilienz <br>Issue 2 \u2013&nbsp;Jugend <br>Issue 3 \u2013&nbsp;Kommune <br>Issue 4 \u2013&nbsp;(Versorgungs-)Sicherheit <br>Issue 5 \u2013&nbsp;Ern\u00e4hrung&nbsp;(und Gesundheit) <br>Issue 6 \u2013&nbsp;Der gesellschaftliche Wert Sozialer Arbeit<\/p>\n\n\n\n\n    <h2 class=\"mediadata__anchor-headline\"><span id=\"guidelines-for-authors\" aria-hidden=\"true\"><\/span>Guidelines for Authors<\/h2>\n\n\n<div class=\"mediadata__grey-box\">\n    \n\n<div class=\"wp-block-columns is-layout-flex wp-container-core-columns-is-layout-9d6595d7 wp-block-columns-is-layout-flex\">\n<div class=\"wp-block-column is-layout-flow wp-block-column-is-layout-flow\">\n<h5 class=\"wp-block-heading\" id=\"h-\"><\/h5>\n\n\n\n<p><a href=\"https:\/\/www.nomos.de\/wp-content\/uploads\/2022\/11\/BdW_STYLEGUIDE.pdf\" target=\"_blank\" rel=\"noreferrer noopener\">Guidelines for Authors<\/a><\/p>\n<\/div>\n\n\n\n<div class=\"wp-block-column is-layout-flow wp-block-column-is-layout-flow\"><\/div>\n<\/div>\n\n\n<\/div>\n\n    <h2 class=\"mediadata__anchor-headline\"><span id=\"publication-alert-toc-alert\" aria-hidden=\"true\"><\/span>Publication Alert (TOC-Alert)<\/h2>\n\n\n\n<p>Register now for the free BdW Publication Alert (TOC-Alert) and never miss an issue again! Simply register with <a href=\"https:\/\/www.inlibra.com\/en\/\" target=\"_blank\" rel=\"noreferrer noopener\">Inlibra<\/a>. Then click on &#8220;Alert Settings&#8221; in your profile and select BdW under <em>4 Journals (TOC-Alert)<\/em>.<\/p>\n\n\n    <h2 class=\"mediadata__anchor-headline\"><span id=\"abstracting-amp-indexing\" aria-hidden=\"true\"><\/span>Abstracting &amp; Indexing<\/h2>\n\n\n\n<p>The journal is indexed by<\/p>\n\n\n\n<ul class=\"wp-block-list\">\n<li>Google Scholar<\/li>\n\n\n\n<li><a href=\"https:\/\/www.bildungsserver.de\/onlineressource.html?onlineressourcen_id=46921\" target=\"_blank\" rel=\"noreferrer noopener\">Deutscher Bildungsserver<\/a><\/li>\n\n\n\n<li><a href=\"https:\/\/www.carelit.de\/zeitschriften.php\" target=\"_blank\" rel=\"noreferrer noopener\">CareLit<\/a><\/li>\n\n\n\n<li><a href=\"https:\/\/www.econbiz.de\/Record\/bl%C3%A4tter-der-wohlfahrtspflege-deutsche-zeitschrift-f%C3%BCr-soziale-arbeit\/10000351923\" target=\"_blank\" rel=\"noreferrer noopener\">Econbiz<\/a><\/li>\n\n\n\n<li>Baidu Xue Shu<\/li>\n\n\n\n<li>ProQuest ExLibris Primo Index<\/li>\n\n\n\n<li><a href=\"https:\/\/app.dimensions.ai\/discover\/publication?and_facet_source_title=jour.1139725\" target=\"_blank\" rel=\"noreferrer noopener\">Dimensions<\/a><\/li>\n\n\n\n<li><a href=\"https:\/\/www.dzi.de\/soziale-literatur\/dzi-solit\/\" target=\"_blank\" rel=\"noreferrer noopener\">DZI SoLit<\/a><\/li>\n<\/ul>\n\n\n    <h2 class=\"mediadata__anchor-headline\"><span id=\"copyright\" aria-hidden=\"true\"><\/span>Copyright<\/h2>\n\n\n<div class=\"mediadata__grey-box\">\n    \n\n<div class=\"wp-block-columns is-layout-flex wp-container-core-columns-is-layout-9d6595d7 wp-block-columns-is-layout-flex\">\n<div class=\"wp-block-column is-layout-flow wp-block-column-is-layout-flow\">\n<h5 class=\"wp-block-heading\" id=\"h-\"><\/h5>\n\n\n\n<p><a href=\"https:\/\/www.nomos.de\/en\/copyright-notice\/\" target=\"_blank\" rel=\"noreferrer noopener\">Copyright<\/a><\/p>\n<\/div>\n\n\n\n<div class=\"wp-block-column is-layout-flow wp-block-column-is-layout-flow\"><\/div>\n<\/div>\n\n\n<\/div>\n\n    <h2 class=\"mediadata__anchor-headline\"><span id=\"media-kit\" aria-hidden=\"true\"><\/span>Media Kit<\/h2>\n\n\n<div class=\"mediadata__grey-box\">\n    \n\n<div class=\"wp-block-columns is-layout-flex wp-container-core-columns-is-layout-9d6595d7 wp-block-columns-is-layout-flex\">\n<div class=\"wp-block-column is-layout-flow wp-block-column-is-layout-flow\">\n<h5 class=\"wp-block-heading\" id=\"h-\"><\/h5>\n\n\n\n<p><a href=\"https:\/\/www.nomos.de\/wp-content\/uploads\/2026\/01\/SoWI_MDAT_BdW_2026.pdf\" target=\"_blank\" rel=\"noreferrer noopener\">Media Kit<\/a><\/p>\n<\/div>\n\n\n\n<div class=\"wp-block-column is-layout-flow wp-block-column-is-layout-flow\"><\/div>\n<\/div>\n\n\n<\/div>","protected":false},"template":"","class_list":["post-13418","mediadata","type-mediadata","status-publish","hentry","mediadata_category-law-legal-studies","mediadata_category-social-sciences"],"acf":[],"yoast_head":"<!-- This site is optimized with the Yoast SEO Premium plugin v26.1 (Yoast SEO v26.2) - https:\/\/yoast.com\/wordpress\/plugins\/seo\/ -->\n<title>Bl\u00e4tter der Wohlfahrtspflege - Zeitschrift | Nomos Verlag<\/title>\n<meta name=\"description\" content=\"Die Bl\u00e4tter der Wohlfahrtspflege informieren \u00fcber wichtige gesellschaftliche, soziale und rechtliche Entwicklungen\" \/>\n<meta name=\"robots\" content=\"index, follow, max-snippet:-1, max-image-preview:large, max-video-preview:-1\" \/>\n<link rel=\"canonical\" href=\"https:\/\/www.nomos.de\/en\/journals\/bdw\/\" \/>\n<meta property=\"og:locale\" content=\"en_US\" \/>\n<meta property=\"og:type\" content=\"article\" \/>\n<meta property=\"og:title\" content=\"Bl\u00e4tter der Wohlfahrtspflege (BdW)\" \/>\n<meta property=\"og:description\" content=\"Die Bl\u00e4tter der Wohlfahrtspflege informieren \u00fcber wichtige gesellschaftliche, soziale und rechtliche Entwicklungen\" \/>\n<meta property=\"og:url\" content=\"https:\/\/www.nomos.de\/en\/journals\/bdw\/\" \/>\n<meta property=\"og:site_name\" content=\"nomos.de\" \/>\n<meta property=\"article:modified_time\" content=\"2026-04-23T12:07:57+00:00\" \/>\n<meta name=\"twitter:card\" content=\"summary_large_image\" \/>\n<meta name=\"twitter:label1\" content=\"Est. reading time\" \/>\n\t<meta name=\"twitter:data1\" content=\"6 minutes\" \/>\n<script type=\"application\/ld+json\" class=\"yoast-schema-graph\">{\"@context\":\"https:\/\/schema.org\",\"@graph\":[{\"@type\":\"WebPage\",\"@id\":\"https:\/\/www.nomos.de\/en\/journals\/bdw\/\",\"url\":\"https:\/\/www.nomos.de\/en\/journals\/bdw\/\",\"name\":\"Bl\u00e4tter der Wohlfahrtspflege - Zeitschrift | Nomos Verlag\",\"isPartOf\":{\"@id\":\"https:\/\/www.nomos.de\/en\/#website\"},\"datePublished\":\"2021-10-28T08:55:43+00:00\",\"dateModified\":\"2026-04-23T12:07:57+00:00\",\"description\":\"Die Bl\u00e4tter der Wohlfahrtspflege informieren \u00fcber wichtige gesellschaftliche, soziale und rechtliche Entwicklungen\",\"breadcrumb\":{\"@id\":\"https:\/\/www.nomos.de\/en\/journals\/bdw\/#breadcrumb\"},\"inLanguage\":\"en-US\",\"potentialAction\":[{\"@type\":\"ReadAction\",\"target\":[\"https:\/\/www.nomos.de\/en\/journals\/bdw\/\"]}]},{\"@type\":\"BreadcrumbList\",\"@id\":\"https:\/\/www.nomos.de\/en\/journals\/bdw\/#breadcrumb\",\"itemListElement\":[{\"@type\":\"ListItem\",\"position\":1,\"name\":\"Startseite\",\"item\":\"https:\/\/www.nomos.de\/en\/\"},{\"@type\":\"ListItem\",\"position\":2,\"name\":\"Journals\",\"item\":\"https:\/\/www.nomos.de\/en\/journals\/\"},{\"@type\":\"ListItem\",\"position\":3,\"name\":\"Bl\u00e4tter der Wohlfahrtspflege (BdW)\"}]},{\"@type\":\"WebSite\",\"@id\":\"https:\/\/www.nomos.de\/en\/#website\",\"url\":\"https:\/\/www.nomos.de\/en\/\",\"name\":\"nomos.de\",\"description\":\"\",\"publisher\":{\"@id\":\"https:\/\/www.nomos.de\/en\/#organization\"},\"potentialAction\":[{\"@type\":\"SearchAction\",\"target\":{\"@type\":\"EntryPoint\",\"urlTemplate\":\"https:\/\/www.nomos.de\/en\/?s={search_term_string}\"},\"query-input\":{\"@type\":\"PropertyValueSpecification\",\"valueRequired\":true,\"valueName\":\"search_term_string\"}}],\"inLanguage\":\"en-US\"},{\"@type\":\"Organization\",\"@id\":\"https:\/\/www.nomos.de\/en\/#organization\",\"name\":\"Nomos\",\"url\":\"https:\/\/www.nomos.de\/en\/\",\"logo\":{\"@type\":\"ImageObject\",\"inLanguage\":\"en-US\",\"@id\":\"https:\/\/www.nomos.de\/en\/#\/schema\/logo\/image\/\",\"url\":\"https:\/\/www.nomos.de\/wp-content\/uploads\/2023\/06\/favicon.png\",\"contentUrl\":\"https:\/\/www.nomos.de\/wp-content\/uploads\/2023\/06\/favicon.png\",\"width\":225,\"height\":225,\"caption\":\"Nomos\"},\"image\":{\"@id\":\"https:\/\/www.nomos.de\/en\/#\/schema\/logo\/image\/\"}}]}<\/script>\n<!-- \/ Yoast SEO Premium plugin. -->","yoast_head_json":{"title":"Bl\u00e4tter der Wohlfahrtspflege - Zeitschrift | Nomos Verlag","description":"Die Bl\u00e4tter der Wohlfahrtspflege informieren \u00fcber wichtige gesellschaftliche, soziale und rechtliche Entwicklungen","robots":{"index":"index","follow":"follow","max-snippet":"max-snippet:-1","max-image-preview":"max-image-preview:large","max-video-preview":"max-video-preview:-1"},"canonical":"https:\/\/www.nomos.de\/en\/journals\/bdw\/","og_locale":"en_US","og_type":"article","og_title":"Bl\u00e4tter der Wohlfahrtspflege (BdW)","og_description":"Die Bl\u00e4tter der Wohlfahrtspflege informieren \u00fcber wichtige gesellschaftliche, soziale und rechtliche Entwicklungen","og_url":"https:\/\/www.nomos.de\/en\/journals\/bdw\/","og_site_name":"nomos.de","article_modified_time":"2026-04-23T12:07:57+00:00","twitter_card":"summary_large_image","twitter_misc":{"Est. reading time":"6 minutes"},"schema":{"@context":"https:\/\/schema.org","@graph":[{"@type":"WebPage","@id":"https:\/\/www.nomos.de\/en\/journals\/bdw\/","url":"https:\/\/www.nomos.de\/en\/journals\/bdw\/","name":"Bl\u00e4tter der Wohlfahrtspflege - Zeitschrift | Nomos Verlag","isPartOf":{"@id":"https:\/\/www.nomos.de\/en\/#website"},"datePublished":"2021-10-28T08:55:43+00:00","dateModified":"2026-04-23T12:07:57+00:00","description":"Die Bl\u00e4tter der Wohlfahrtspflege informieren \u00fcber wichtige gesellschaftliche, soziale und rechtliche Entwicklungen","breadcrumb":{"@id":"https:\/\/www.nomos.de\/en\/journals\/bdw\/#breadcrumb"},"inLanguage":"en-US","potentialAction":[{"@type":"ReadAction","target":["https:\/\/www.nomos.de\/en\/journals\/bdw\/"]}]},{"@type":"BreadcrumbList","@id":"https:\/\/www.nomos.de\/en\/journals\/bdw\/#breadcrumb","itemListElement":[{"@type":"ListItem","position":1,"name":"Startseite","item":"https:\/\/www.nomos.de\/en\/"},{"@type":"ListItem","position":2,"name":"Journals","item":"https:\/\/www.nomos.de\/en\/journals\/"},{"@type":"ListItem","position":3,"name":"Bl\u00e4tter der Wohlfahrtspflege (BdW)"}]},{"@type":"WebSite","@id":"https:\/\/www.nomos.de\/en\/#website","url":"https:\/\/www.nomos.de\/en\/","name":"nomos.de","description":"","publisher":{"@id":"https:\/\/www.nomos.de\/en\/#organization"},"potentialAction":[{"@type":"SearchAction","target":{"@type":"EntryPoint","urlTemplate":"https:\/\/www.nomos.de\/en\/?s={search_term_string}"},"query-input":{"@type":"PropertyValueSpecification","valueRequired":true,"valueName":"search_term_string"}}],"inLanguage":"en-US"},{"@type":"Organization","@id":"https:\/\/www.nomos.de\/en\/#organization","name":"Nomos","url":"https:\/\/www.nomos.de\/en\/","logo":{"@type":"ImageObject","inLanguage":"en-US","@id":"https:\/\/www.nomos.de\/en\/#\/schema\/logo\/image\/","url":"https:\/\/www.nomos.de\/wp-content\/uploads\/2023\/06\/favicon.png","contentUrl":"https:\/\/www.nomos.de\/wp-content\/uploads\/2023\/06\/favicon.png","width":225,"height":225,"caption":"Nomos"},"image":{"@id":"https:\/\/www.nomos.de\/en\/#\/schema\/logo\/image\/"}}]}},"_links":{"self":[{"href":"https:\/\/www.nomos.de\/en\/wp-json\/wp\/v2\/mediadata\/13418","targetHints":{"allow":["GET"]}}],"collection":[{"href":"https:\/\/www.nomos.de\/en\/wp-json\/wp\/v2\/mediadata"}],"about":[{"href":"https:\/\/www.nomos.de\/en\/wp-json\/wp\/v2\/types\/mediadata"}],"wp:attachment":[{"href":"https:\/\/www.nomos.de\/en\/wp-json\/wp\/v2\/media?parent=13418"}],"curies":[{"name":"wp","href":"https:\/\/api.w.org\/{rel}","templated":true}]}}